{"id":2188,"date":"2014-04-30T12:02:55","date_gmt":"2014-04-30T12:02:55","guid":{"rendered":"http:\/\/themes.muffingroup.com\/betheme\/?post_type=portfolio&#038;p=2188"},"modified":"2022-07-11T11:11:41","modified_gmt":"2022-07-11T11:11:41","slug":"quisque-lorem-tortor","status":"publish","type":"portfolio","link":"https:\/\/restauranteplazacanalla.es\/fr\/portfolio-item\/quisque-lorem-tortor\/","title":{"rendered":"La Plaza Gabriel mir\u00f3"},"content":{"rendered":"<h1 class=\"wp-block-heading\">PLAZA GABRIEL MIR\u00d3<\/h1>\n\n\n\n<p>La <strong>plaza de Gabriel Mir\u00f3<\/strong> es una plaza ubicada en la ciudad de <a href=\"https:\/\/es.wikipedia.org\/wiki\/Alicante\">Alicante<\/a> (<a href=\"https:\/\/es.wikipedia.org\/wiki\/Espa%C3%B1a\">Espa\u00f1a<\/a>). Tambi\u00e9n es conocida popularmente como <em>plaza de Correos<\/em>, en recuerdo de las oficinas principales de la <a href=\"https:\/\/es.wikipedia.org\/wiki\/Sociedad_Estatal_Correos_y_Tel%C3%A9grafos\">Sociedad Estatal Correos y Tel\u00e9grafos<\/a> que estuvieron ubicadas en la plaza.<\/p>\n\n\n\n<p class=\"translation-block\">Conocida desde antiguo como plaza de las Barcas, porque hasta ella pod\u00edan llegar las embarcaciones. Posteriormente fue denominada plaza de Isabel II y finalmente bautizada con su nombre actual, en memoria del escritor <a href=\"https:\/\/es.wikipedia.org\/wiki\/Gabriel_Mir\" target=\"_self\">Gabriel Mir\u00f3<\/a>, hijo ilustre de la ciudad.Tiene forma cuadrada y dentro de sus elementos destacan varios <a href=\"https:\/\/es.wikipedia.org\/wiki\/Ficus\" target=\"_self\"><em>Ficus<\/em><\/a> centenarios (catalogados como <a href=\"https:\/\/es.wikipedia.org\/wiki\/rbol_monumental\" target=\"_self\">\u00e1rboles monumentales<\/a>),<a href=\"https:\/\/es.wikipedia.org\/wiki\/Plaza_de_Gabriel_Mir_(Alicante)#cite_note-1\" target=\"_self\"><sup>1<\/sup><\/a>\u200b el <a href=\"https:\/\/es.wikipedia.org\/wiki\/Monumento_a_Gabriel_Mir\" target=\"_self\">monumento a Gabriel Mir\u00f3<\/a> o la fuente de <a href=\"https:\/\/es.wikipedia.org\/wiki\/La_Aguadora\" target=\"_self\">la Aguadora<\/a>, obra del alicantino <a href=\"https:\/\/es.wikipedia.org\/wiki\/Vicente_Bauls\" target=\"_self\">Vicente Ba\u00f1uls<\/a> en 1918.<\/p>\n\n\n\n<h2 class=\"wp-block-heading\">UN ENCANTO ESPECIAL<\/h2>\n\n\n<div class=\"wp-block-image\">\n<figure class=\"aligncenter size-large is-resized\"><img loading=\"lazy\" decoding=\"async\" src=\"http:\/\/restauranteplazacanalla.es\/wp-content\/uploads\/2021\/02\/plaza-canalla-restaurante-plaza-gabriel-miro02-1024x374.jpg\" alt=\"\" class=\"wp-image-2382\" width=\"1217\" height=\"443\" srcset=\"https:\/\/restauranteplazacanalla.es\/wp-content\/uploads\/2021\/02\/plaza-canalla-restaurante-plaza-gabriel-miro02-1024x374.jpg 1024w, https:\/\/restauranteplazacanalla.es\/wp-content\/uploads\/2021\/02\/plaza-canalla-restaurante-plaza-gabriel-miro02-300x110.jpg 300w, https:\/\/restauranteplazacanalla.es\/wp-content\/uploads\/2021\/02\/plaza-canalla-restaurante-plaza-gabriel-miro02-768x281.jpg 768w, https:\/\/restauranteplazacanalla.es\/wp-content\/uploads\/2021\/02\/plaza-canalla-restaurante-plaza-gabriel-miro02-260x95.jpg 260w, https:\/\/restauranteplazacanalla.es\/wp-content\/uploads\/2021\/02\/plaza-canalla-restaurante-plaza-gabriel-miro02-50x18.jpg 50w, https:\/\/restauranteplazacanalla.es\/wp-content\/uploads\/2021\/02\/plaza-canalla-restaurante-plaza-gabriel-miro02-150x55.jpg 150w, https:\/\/restauranteplazacanalla.es\/wp-content\/uploads\/2021\/02\/plaza-canalla-restaurante-plaza-gabriel-miro02-600x219.jpg 600w\" sizes=\"auto, (max-width: 1217px) 100vw, 1217px\" \/><\/figure>\n<\/div>\n\n\n<p>Los imponentes \u00e1rboles centenarios confieren a este lugar una magia especial. LA luz de este lugar es \u00fanica. Un lugar que enamora desde cualquier \u00e1ngulo. Un aut\u00e9ntico oasis urbano.<\/p>\n\n\n\n<figure class=\"wp-block-gallery has-nested-images columns-default is-cropped wp-block-gallery-1 is-layout-flex wp-block-gallery-is-layout-flex\">\n<figure class=\"wp-block-image size-large\"><a href=\"https:\/\/restauranteplazacanalla.es\/wp-content\/uploads\/2014\/05\/plaza-AdobeStock_62286820-1024x683-1.jpg\"><img loading=\"lazy\" decoding=\"async\" width=\"1024\" height=\"361\" data-id=\"2578\" src=\"http:\/\/restauranteplazacanalla.es\/wp-content\/uploads\/2014\/05\/plaza-AdobeStock_62286820-1024x683-1.jpg\" alt=\"\" class=\"wp-image-2578\" srcset=\"https:\/\/restauranteplazacanalla.es\/wp-content\/uploads\/2014\/05\/plaza-AdobeStock_62286820-1024x683-1.jpg 1024w, https:\/\/restauranteplazacanalla.es\/wp-content\/uploads\/2014\/05\/plaza-AdobeStock_62286820-1024x683-1-300x106.jpg 300w, https:\/\/restauranteplazacanalla.es\/wp-content\/uploads\/2014\/05\/plaza-AdobeStock_62286820-1024x683-1-768x271.jpg 768w, https:\/\/restauranteplazacanalla.es\/wp-content\/uploads\/2014\/05\/plaza-AdobeStock_62286820-1024x683-1-260x92.jpg 260w, https:\/\/restauranteplazacanalla.es\/wp-content\/uploads\/2014\/05\/plaza-AdobeStock_62286820-1024x683-1-50x18.jpg 50w, https:\/\/restauranteplazacanalla.es\/wp-content\/uploads\/2014\/05\/plaza-AdobeStock_62286820-1024x683-1-150x53.jpg 150w, https:\/\/restauranteplazacanalla.es\/wp-content\/uploads\/2014\/05\/plaza-AdobeStock_62286820-1024x683-1-600x212.jpg 600w\" sizes=\"auto, (max-width: 1024px) 100vw, 1024px\" \/><\/a><\/figure>\n\n\n\n<figure class=\"wp-block-image size-large\"><a href=\"https:\/\/restauranteplazacanalla.es\/wp-content\/uploads\/2014\/04\/plaza-out.jpg\"><img loading=\"lazy\" decoding=\"async\" width=\"895\" height=\"684\" data-id=\"2400\" src=\"http:\/\/restauranteplazacanalla.es\/wp-content\/uploads\/2014\/04\/plaza-out.jpg\" alt=\"\" class=\"wp-image-2400\" srcset=\"https:\/\/restauranteplazacanalla.es\/wp-content\/uploads\/2014\/04\/plaza-out.jpg 895w, https:\/\/restauranteplazacanalla.es\/wp-content\/uploads\/2014\/04\/plaza-out-300x229.jpg 300w, https:\/\/restauranteplazacanalla.es\/wp-content\/uploads\/2014\/04\/plaza-out-768x587.jpg 768w, https:\/\/restauranteplazacanalla.es\/wp-content\/uploads\/2014\/04\/plaza-out-191x146.jpg 191w, https:\/\/restauranteplazacanalla.es\/wp-content\/uploads\/2014\/04\/plaza-out-50x38.jpg 50w, https:\/\/restauranteplazacanalla.es\/wp-content\/uploads\/2014\/04\/plaza-out-98x75.jpg 98w, https:\/\/restauranteplazacanalla.es\/wp-content\/uploads\/2014\/04\/plaza-out-600x459.jpg 600w\" sizes=\"auto, (max-width: 895px) 100vw, 895px\" \/><\/a><\/figure>\n\n\n\n<figure class=\"wp-block-image size-large\"><a href=\"https:\/\/restauranteplazacanalla.es\/wp-content\/uploads\/2021\/02\/IMG_20200609_130643-r.jpg\"><img loading=\"lazy\" decoding=\"async\" width=\"1024\" height=\"853\" data-id=\"2417\" src=\"http:\/\/restauranteplazacanalla.es\/wp-content\/uploads\/2021\/02\/IMG_20200609_130643-r-1024x853.jpg\" alt=\"\" class=\"wp-image-2417\" srcset=\"https:\/\/restauranteplazacanalla.es\/wp-content\/uploads\/2021\/02\/IMG_20200609_130643-r-1024x853.jpg 1024w, https:\/\/restauranteplazacanalla.es\/wp-content\/uploads\/2021\/02\/IMG_20200609_130643-r-300x250.jpg 300w, https:\/\/restauranteplazacanalla.es\/wp-content\/uploads\/2021\/02\/IMG_20200609_130643-r-768x640.jpg 768w, https:\/\/restauranteplazacanalla.es\/wp-content\/uploads\/2021\/02\/IMG_20200609_130643-r-1536x1280.jpg 1536w, https:\/\/restauranteplazacanalla.es\/wp-content\/uploads\/2021\/02\/IMG_20200609_130643-r-2048x1706.jpg 2048w, https:\/\/restauranteplazacanalla.es\/wp-content\/uploads\/2021\/02\/IMG_20200609_130643-r-175x146.jpg 175w, https:\/\/restauranteplazacanalla.es\/wp-content\/uploads\/2021\/02\/IMG_20200609_130643-r-50x42.jpg 50w, https:\/\/restauranteplazacanalla.es\/wp-content\/uploads\/2021\/02\/IMG_20200609_130643-r-90x75.jpg 90w, https:\/\/restauranteplazacanalla.es\/wp-content\/uploads\/2021\/02\/IMG_20200609_130643-r-600x500.jpg 600w\" sizes=\"auto, (max-width: 1024px) 100vw, 1024px\" \/><\/a><\/figure>\n\n\n\n<figure class=\"wp-block-image size-large\"><a href=\"https:\/\/restauranteplazacanalla.es\/wp-content\/uploads\/2022\/05\/Terraza.jpg\"><img loading=\"lazy\" decoding=\"async\" width=\"1024\" height=\"374\" data-id=\"3195\" src=\"https:\/\/restauranteplazacanalla.es\/wp-content\/uploads\/2022\/05\/Terraza-1024x374.jpg\" alt=\"\" class=\"wp-image-3195\" srcset=\"https:\/\/restauranteplazacanalla.es\/wp-content\/uploads\/2022\/05\/Terraza-1024x374.jpg 1024w, https:\/\/restauranteplazacanalla.es\/wp-content\/uploads\/2022\/05\/Terraza-300x110.jpg 300w, https:\/\/restauranteplazacanalla.es\/wp-content\/uploads\/2022\/05\/Terraza-768x281.jpg 768w, https:\/\/restauranteplazacanalla.es\/wp-content\/uploads\/2022\/05\/Terraza-1536x562.jpg 1536w, https:\/\/restauranteplazacanalla.es\/wp-content\/uploads\/2022\/05\/Terraza-18x7.jpg 18w, https:\/\/restauranteplazacanalla.es\/wp-content\/uploads\/2022\/05\/Terraza-260x95.jpg 260w, https:\/\/restauranteplazacanalla.es\/wp-content\/uploads\/2022\/05\/Terraza-50x18.jpg 50w, https:\/\/restauranteplazacanalla.es\/wp-content\/uploads\/2022\/05\/Terraza-150x55.jpg 150w, https:\/\/restauranteplazacanalla.es\/wp-content\/uploads\/2022\/05\/Terraza-600x219.jpg 600w, https:\/\/restauranteplazacanalla.es\/wp-content\/uploads\/2022\/05\/Terraza.jpg 1920w\" sizes=\"auto, (max-width: 1024px) 100vw, 1024px\" \/><\/a><\/figure>\n<\/figure>","protected":false},"excerpt":{"rendered":"<p>PLAZA GABRIEL MIR\u00d3 La plaza de Gabriel Mir\u00f3 es una plaza ubicada en la ciudad de Alicante (Espa\u00f1a). Tambi\u00e9n es conocida popularmente como plaza de Correos,<span class=\"excerpt-hellip\"> [\u2026]<\/span><\/p>\n","protected":false},"author":1,"featured_media":2234,"menu_order":0,"comment_status":"closed","ping_status":"closed","template":"","meta":[],"portfolio-types":[3,47],"class_list":["post-2188","portfolio","type-portfolio","status-publish","has-post-thumbnail","hentry","portfolio-types-gold","portfolio-types-lugar"],"_links":{"self":[{"href":"https:\/\/restauranteplazacanalla.es\/fr\/wp-json\/wp\/v2\/portfolio\/2188","targetHints":{"allow":["GET"]}}],"collection":[{"href":"https:\/\/restauranteplazacanalla.es\/fr\/wp-json\/wp\/v2\/portfolio"}],"about":[{"href":"https:\/\/restauranteplazacanalla.es\/fr\/wp-json\/wp\/v2\/types\/portfolio"}],"author":[{"embeddable":true,"href":"https:\/\/restauranteplazacanalla.es\/fr\/wp-json\/wp\/v2\/users\/1"}],"replies":[{"embeddable":true,"href":"https:\/\/restauranteplazacanalla.es\/fr\/wp-json\/wp\/v2\/comments?post=2188"}],"wp:featuredmedia":[{"embeddable":true,"href":"https:\/\/restauranteplazacanalla.es\/fr\/wp-json\/wp\/v2\/media\/2234"}],"wp:attachment":[{"href":"https:\/\/restauranteplazacanalla.es\/fr\/wp-json\/wp\/v2\/media?parent=2188"}],"wp:term":[{"taxonomy":"portfolio-types","embeddable":true,"href":"https:\/\/restauranteplazacanalla.es\/fr\/wp-json\/wp\/v2\/portfolio-types?post=2188"}],"curies":[{"name":"wp","href":"https:\/\/api.w.org\/{rel}","templated":true}]}}